{"id":2030,"date":"2020-09-18T11:25:19","date_gmt":"2020-09-18T09:25:19","guid":{"rendered":"https:\/\/www.hostalalhambra.es\/?page_id=2030"},"modified":"2025-07-18T10:38:47","modified_gmt":"2025-07-18T08:38:47","slug":"inicio","status":"publish","type":"page","link":"https:\/\/www.hostalalhambra.es\/es\/","title":{"rendered":"Inicio"},"content":{"rendered":"<div id='full_slider_1'  class='avia-fullwidth-slider main_color avia-shadow   avia-builder-el-0  el_before_av_section  avia-builder-el-first   container_wrap sidebar_right'  ><div  class='avia-slideshow av-81edvy-0a1784bc1907c2c92c9ab853bca76a50 avia-slideshow-extra_large av_slideshow_full avia-fade-slider av-slideshow-ui av-control-hidden av-no-slider-navigation av-hide-nav-arrows av-slideshow-autoplay av-loop-endless av-loop-manual-endless av-default-height-applied   avia-slideshow-1' data-slideshow-options=\"{&quot;animation&quot;:&quot;fade&quot;,&quot;autoplay&quot;:true,&quot;loop_autoplay&quot;:&quot;endless&quot;,&quot;interval&quot;:7,&quot;loop_manual&quot;:&quot;manual-endless&quot;,&quot;autoplay_stopper&quot;:false,&quot;noNavigation&quot;:true,&quot;bg_slider&quot;:false,&quot;keep_padding&quot;:false,&quot;hoverpause&quot;:false,&quot;show_slide_delay&quot;:0}\"  itemprop=\"image\" itemscope=\"itemscope\" itemtype=\"https:\/\/schema.org\/ImageObject\" ><ul class='avia-slideshow-inner ' style='padding-bottom: 66.666666666667%;'><li  class='avia-slideshow-slide av-81edvy-0a1784bc1907c2c92c9ab853bca76a50__0  slide-1 slide-odd'><div data-rel='slideshow-1' class='avia-slide-wrap '   ><img decoding=\"async\" fetchpriority=\"high\" class=\"wp-image-2545 avia-img-lazy-loading-not-2545\"  src=\"https:\/\/www.hostalalhambra.es\/wp-content\/uploads\/2020\/10\/fachada-hostal-alhambra-nerja-1.jpg\" width=\"1500\" height=\"1000\" title='Hostal Alhambra Nerja' alt='Hostal Alhambra Nerja'  itemprop=\"thumbnailUrl\" srcset=\"https:\/\/www.hostalalhambra.es\/wp-content\/uploads\/2020\/10\/fachada-hostal-alhambra-nerja-1.jpg 1500w, https:\/\/www.hostalalhambra.es\/wp-content\/uploads\/2020\/10\/fachada-hostal-alhambra-nerja-1-300x200.jpg 300w, https:\/\/www.hostalalhambra.es\/wp-content\/uploads\/2020\/10\/fachada-hostal-alhambra-nerja-1-1030x687.jpg 1030w, https:\/\/www.hostalalhambra.es\/wp-content\/uploads\/2020\/10\/fachada-hostal-alhambra-nerja-1-768x512.jpg 768w, https:\/\/www.hostalalhambra.es\/wp-content\/uploads\/2020\/10\/fachada-hostal-alhambra-nerja-1-705x470.jpg 705w\" sizes=\"(max-width: 1500px) 100vw, 1500px\" \/><\/div><\/li><li  class='avia-slideshow-slide av-81edvy-0a1784bc1907c2c92c9ab853bca76a50__1  slide-2 slide-even'><div data-rel='slideshow-1' class='avia-slide-wrap '   ><img decoding=\"async\" fetchpriority=\"high\" class=\"wp-image-1369 avia-img-lazy-loading-not-1369\"  src=\"https:\/\/www.hostalalhambra.es\/wp-content\/uploads\/2020\/08\/inicio-hostal-alhambra-slider-2.jpeg\" width=\"1500\" height=\"1000\" title='Hostal Alhambra Slider' alt='Hostal Alhambra Slider'  itemprop=\"thumbnailUrl\" srcset=\"https:\/\/www.hostalalhambra.es\/wp-content\/uploads\/2020\/08\/inicio-hostal-alhambra-slider-2.jpeg 1500w, https:\/\/www.hostalalhambra.es\/wp-content\/uploads\/2020\/08\/inicio-hostal-alhambra-slider-2-300x200.jpeg 300w, https:\/\/www.hostalalhambra.es\/wp-content\/uploads\/2020\/08\/inicio-hostal-alhambra-slider-2-1030x687.jpeg 1030w, https:\/\/www.hostalalhambra.es\/wp-content\/uploads\/2020\/08\/inicio-hostal-alhambra-slider-2-768x512.jpeg 768w, https:\/\/www.hostalalhambra.es\/wp-content\/uploads\/2020\/08\/inicio-hostal-alhambra-slider-2-705x470.jpeg 705w\" sizes=\"(max-width: 1500px) 100vw, 1500px\" \/><\/div><\/li><li  class='avia-slideshow-slide av-81edvy-0a1784bc1907c2c92c9ab853bca76a50__2  slide-3 slide-odd'><div data-rel='slideshow-1' class='avia-slide-wrap '   ><img decoding=\"async\" fetchpriority=\"high\" class=\"wp-image-1370 avia-img-lazy-loading-not-1370\"  src=\"https:\/\/www.hostalalhambra.es\/wp-content\/uploads\/2020\/08\/inicio-hostal-alhambra-slider-3.jpeg\" width=\"1500\" height=\"1000\" title='Hostal Alhambra Slider' alt='Hostal Alhambra Slider'  itemprop=\"thumbnailUrl\" srcset=\"https:\/\/www.hostalalhambra.es\/wp-content\/uploads\/2020\/08\/inicio-hostal-alhambra-slider-3.jpeg 1500w, https:\/\/www.hostalalhambra.es\/wp-content\/uploads\/2020\/08\/inicio-hostal-alhambra-slider-3-300x200.jpeg 300w, https:\/\/www.hostalalhambra.es\/wp-content\/uploads\/2020\/08\/inicio-hostal-alhambra-slider-3-1030x687.jpeg 1030w, https:\/\/www.hostalalhambra.es\/wp-content\/uploads\/2020\/08\/inicio-hostal-alhambra-slider-3-768x512.jpeg 768w, https:\/\/www.hostalalhambra.es\/wp-content\/uploads\/2020\/08\/inicio-hostal-alhambra-slider-3-705x470.jpeg 705w\" sizes=\"(max-width: 1500px) 100vw, 1500px\" \/><\/div><\/li><\/ul><div class='avia-slideshow-arrows avia-slideshow-controls' ><a href='#prev' class='prev-slide  avia-svg-icon avia-font-svg_entypo-fontello' data-av_svg_icon='left-open-big' data-av_iconset='svg_entypo-fontello' tabindex='-1' title=\"Anterior\"><svg version=\"1.1\" xmlns=\"http:\/\/www.w3.org\/2000\/svg\" width=\"15\" height=\"32\" viewBox=\"0 0 15 32\" preserveAspectRatio=\"xMidYMid meet\" aria-labelledby='av-svg-title-1' aria-describedby='av-svg-desc-1' role=\"graphics-symbol\" aria-hidden=\"true\">\n<title id='av-svg-title-1'>Anterior<\/title>\n<desc id='av-svg-desc-1'>Anterior<\/desc>\n<path d=\"M14.464 27.84q0.832 0.832 0 1.536-0.832 0.832-1.536 0l-12.544-12.608q-0.768-0.768 0-1.6l12.544-12.608q0.704-0.832 1.536 0 0.832 0.704 0 1.536l-11.456 11.904z\"><\/path>\n<\/svg><span class='avia_hidden_link_text'>Anterior<\/span><\/a><a href='#next' class='next-slide  avia-svg-icon avia-font-svg_entypo-fontello' data-av_svg_icon='right-open-big' data-av_iconset='svg_entypo-fontello' tabindex='-1' title=\"Posterior\"><svg version=\"1.1\" xmlns=\"http:\/\/www.w3.org\/2000\/svg\" width=\"15\" height=\"32\" viewBox=\"0 0 15 32\" preserveAspectRatio=\"xMidYMid meet\" aria-labelledby='av-svg-title-2' aria-describedby='av-svg-desc-2' role=\"graphics-symbol\" aria-hidden=\"true\">\n<title id='av-svg-title-2'>Posterior<\/title>\n<desc id='av-svg-desc-2'>Posterior<\/desc>\n<path d=\"M0.416 27.84l11.456-11.84-11.456-11.904q-0.832-0.832 0-1.536 0.832-0.832 1.536 0l12.544 12.608q0.768 0.832 0 1.6l-12.544 12.608q-0.704 0.832-1.536 0-0.832-0.704 0-1.536z\"><\/path>\n<\/svg><span class='avia_hidden_link_text'>Posterior<\/span><\/a><\/div><\/div><\/div>\n\n<style type=\"text\/css\" data-created_by=\"avia_inline_auto\" id=\"style-css-av-7ct8x2-074660801b0a951f88959309622ef3aa\">\n.avia-section.av-7ct8x2-074660801b0a951f88959309622ef3aa{\nbackground-repeat:no-repeat;\nbackground-image:url(https:\/\/www.hostalalhambra.es\/wp-content\/uploads\/2020\/09\/ornament-bg-top-small-1.png);\nbackground-position:50% 0%;\nbackground-attachment:scroll;\n}\n.avia-section.av-7ct8x2-074660801b0a951f88959309622ef3aa .av-extra-border-element .av-extra-border-inner{\nbackground-color:#ffffff;\n}\n<\/style>\n<div id='av_section_1'  class='avia-section av-7ct8x2-074660801b0a951f88959309622ef3aa main_color avia-section-huge avia-no-border-styling  avia-builder-el-1  el_after_av_slideshow_full  el_before_av_one_full  avia-full-contain avia-bg-style-scroll av-arrow-down-section container_wrap sidebar_right'  data-section-bg-repeat='contain'><div class='container av-section-cont-open' ><div class='template-page content  av-content-small alpha units'><div class='post-entry post-entry-type-page post-entry-2030'><div class='entry-content-wrapper clearfix'>\n\n<style type=\"text\/css\" data-created_by=\"avia_inline_auto\" id=\"style-css-av-7932o6-e470521bacc0236ae3873f1040439df6\">\n#top .flex_column.av-7932o6-e470521bacc0236ae3873f1040439df6{\nmargin-top:-200px;\nmargin-bottom:0px;\n}\n.flex_column.av-7932o6-e470521bacc0236ae3873f1040439df6{\nborder-radius:0px 0px 0px 0px;\npadding:30px 30px 0px 30px;\nbackground-color:#ffffff;\n}\n.responsive #top #wrap_all .flex_column.av-7932o6-e470521bacc0236ae3873f1040439df6{\nmargin-top:-200px;\nmargin-bottom:0px;\n}\n<\/style>\n<div  class='flex_column av-7932o6-e470521bacc0236ae3873f1040439df6 av_one_full  avia-builder-el-2  el_before_av_hr  avia-builder-el-first  first flex_column_div  '     ><style type=\"text\/css\" data-created_by=\"avia_inline_auto\" id=\"style-css-av-1utqi6-9a2c96e833bb2cdd66c8469b874f9dba\">\n#top .av-special-heading.av-1utqi6-9a2c96e833bb2cdd66c8469b874f9dba{\npadding-bottom:20px;\nfont-size:40px;\n}\nbody .av-special-heading.av-1utqi6-9a2c96e833bb2cdd66c8469b874f9dba .av-special-heading-tag .heading-char{\nfont-size:25px;\n}\n#top #wrap_all .av-special-heading.av-1utqi6-9a2c96e833bb2cdd66c8469b874f9dba .av-special-heading-tag{\nfont-size:40px;\n}\n.av-special-heading.av-1utqi6-9a2c96e833bb2cdd66c8469b874f9dba .av-subheading{\nfont-size:15px;\n}\n\n@media only screen and (min-width: 480px) and (max-width: 767px){ \n#top #wrap_all .av-special-heading.av-1utqi6-9a2c96e833bb2cdd66c8469b874f9dba .av-special-heading-tag{\nfont-size:0.8em;\n}\n}\n\n@media only screen and (max-width: 479px){ \n#top #wrap_all .av-special-heading.av-1utqi6-9a2c96e833bb2cdd66c8469b874f9dba .av-special-heading-tag{\nfont-size:0.8em;\n}\n}\n<\/style>\n<div  class='av-special-heading av-1utqi6-9a2c96e833bb2cdd66c8469b874f9dba av-special-heading-h1 blockquote modern-quote modern-centered  avia-builder-el-3  avia-builder-el-no-sibling  av-thin-font av-inherit-size'><h1 class='av-special-heading-tag '  itemprop=\"headline\"  ><strong>HOSTAL ALHAMBRA<\/strong><br \/>\n<span style=\"color: #90bf21;\">tu estancia en el centro de Nerja<\/span><\/h1><div class=\"special-heading-border\"><div class=\"special-heading-inner-border\"><\/div><\/div><\/div><\/div>\n<style type=\"text\/css\" data-created_by=\"avia_inline_auto\" id=\"style-css-av-6vtlmm-fd5d47e47e607d58737971f75c9f3efc\">\n#top .hr.av-6vtlmm-fd5d47e47e607d58737971f75c9f3efc{\nmargin-top:-60px;\nmargin-bottom:0px;\n}\n.hr.av-6vtlmm-fd5d47e47e607d58737971f75c9f3efc .hr-inner{\nwidth:50px;\nborder-color:#f8f8f8;\nmax-width:45%;\n}\n.hr.av-6vtlmm-fd5d47e47e607d58737971f75c9f3efc .av-seperator-icon{\ncolor:#90bf21;\n}\n.hr.av-6vtlmm-fd5d47e47e607d58737971f75c9f3efc .av-seperator-icon.avia-svg-icon svg:first-child{\nfill:#90bf21;\nstroke:#90bf21;\n}\n<\/style>\n<div  class='hr av-6vtlmm-fd5d47e47e607d58737971f75c9f3efc hr-custom  avia-builder-el-4  el_after_av_one_full  el_before_av_one_full  hr-center hr-icon-yes'><span class='hr-inner inner-border-av-border-fat'><span class=\"hr-inner-style\"><\/span><\/span><span class='av-seperator-icon avia-iconfont avia-font-entypo-fontello' data-av_icon='\ue8ce' data-av_iconfont='entypo-fontello' ><\/span><span class='hr-inner inner-border-av-border-fat'><span class=\"hr-inner-style\"><\/span><\/span><\/div>\n\n<style type=\"text\/css\" data-created_by=\"avia_inline_auto\" id=\"style-css-av-it3hh-391a09111720f7c5079846946969a6ce\">\n.flex_column.av-it3hh-391a09111720f7c5079846946969a6ce{\nborder-radius:0px 0px 0px 0px;\npadding:0px 0px 0px 0px;\n}\n<\/style>\n<div  class='flex_column av-it3hh-391a09111720f7c5079846946969a6ce av_one_full  avia-builder-el-5  el_after_av_hr  el_before_av_one_half  first flex_column_div av-zero-column-padding  '     ><\/div>\n<style type=\"text\/css\" data-created_by=\"avia_inline_auto\" id=\"style-css-av-6mvl1a-bb85056638c7baf94a9d2c600894b067\">\n.flex_column.av-6mvl1a-bb85056638c7baf94a9d2c600894b067{\nborder-radius:0px 0px 0px 0px;\npadding:0px 0px 0px 0px;\n}\n<\/style>\n<div  class='flex_column av-6mvl1a-bb85056638c7baf94a9d2c600894b067 av_one_half  avia-builder-el-7  el_after_av_one_full  el_before_av_one_half  first flex_column_div av-zero-column-padding  column-top-margin'     ><p>\n<style type=\"text\/css\" data-created_by=\"avia_inline_auto\" id=\"style-css-av-kfe57895-e0d6b2b41cc96903e5b466e9e1137b6d\">\n#top .av-special-heading.av-kfe57895-e0d6b2b41cc96903e5b466e9e1137b6d{\npadding-bottom:20px;\n}\nbody .av-special-heading.av-kfe57895-e0d6b2b41cc96903e5b466e9e1137b6d .av-special-heading-tag .heading-char{\nfont-size:25px;\n}\n.av-special-heading.av-kfe57895-e0d6b2b41cc96903e5b466e9e1137b6d .av-subheading{\nfont-size:15px;\n}\n<\/style>\n<div  class='av-special-heading av-kfe57895-e0d6b2b41cc96903e5b466e9e1137b6d av-special-heading-h3 blockquote modern-quote  avia-builder-el-8  el_before_av_textblock  avia-builder-el-first '><h3 class='av-special-heading-tag '  itemprop=\"headline\"  >EL MEJOR DESTINO CON LA MEJOR TARIFA<\/h3><div class=\"special-heading-border\"><div class=\"special-heading-inner-border\"><\/div><\/div><\/div><br \/>\n<section  class='av_textblock_section av-6ejzji-f12eec728e6b320ec893722df6ac58d9 '   itemscope=\"itemscope\" itemtype=\"https:\/\/schema.org\/CreativeWork\" ><div class='avia_textblock'  itemprop=\"text\" ><p>Nuestro establecimiento cuenta con ascensor, acogedoras y distinguidas habitaciones, equipadas con cuarto de ba\u00f1o privado completo y secador de pelo, TV Canal sat\u00e9lite, mini-frigor\u00edfico, caja fuerte y Wi-Fi gratuita, adem\u00e1s de aire acondicionado\/calefacci\u00f3n, doble acristalamiento ac\u00fastico y la disponibilidad de solicitarlas con balc\u00f3n o amplia terraza.<\/p>\n<p>Donde atendemos a nuestros hu\u00e9spedes, que vuelven a\u00f1o tras a\u00f1o, de manera profesional, sabiendo transmitir un ambiente amistoso, hogare\u00f1o y confortable.<\/p>\n<p>En la planta baja del edificio, los clientes pueden encontrar a su disposici\u00f3n un restaurante-cafeter\u00eda con terraza ajardinada d\u00f3nde se pueden sentar al aire libre.<\/p>\n<\/div><\/section><\/p><\/div>\n<style type=\"text\/css\" data-created_by=\"avia_inline_auto\" id=\"style-css-av-5dk1p2-c85d51ee476b8c60ec73b838a7e37e23\">\n.flex_column.av-5dk1p2-c85d51ee476b8c60ec73b838a7e37e23{\nborder-radius:0px 0px 0px 0px;\npadding:0px 0px 0px 0px;\n}\n<\/style>\n<div  class='flex_column av-5dk1p2-c85d51ee476b8c60ec73b838a7e37e23 av_one_half  avia-builder-el-10  el_after_av_one_half  avia-builder-el-last  flex_column_div av-zero-column-padding  column-top-margin'     ><p>\n<style type=\"text\/css\" data-created_by=\"avia_inline_auto\" id=\"style-css-av-kfe57dv1-022baf42424c8d444e4a9551e9b4d054\">\n#top .av-special-heading.av-kfe57dv1-022baf42424c8d444e4a9551e9b4d054{\npadding-bottom:20px;\n}\nbody .av-special-heading.av-kfe57dv1-022baf42424c8d444e4a9551e9b4d054 .av-special-heading-tag .heading-char{\nfont-size:25px;\n}\n.av-special-heading.av-kfe57dv1-022baf42424c8d444e4a9551e9b4d054 .av-subheading{\nfont-size:15px;\n}\n<\/style>\n<div  class='av-special-heading av-kfe57dv1-022baf42424c8d444e4a9551e9b4d054 av-special-heading-h3 blockquote modern-quote  avia-builder-el-11  el_before_av_textblock  avia-builder-el-first '><h3 class='av-special-heading-tag '  itemprop=\"headline\"  >SITUACI\u00d3N Y ZONA<\/h3><div class=\"special-heading-border\"><div class=\"special-heading-inner-border\"><\/div><\/div><\/div><br \/>\n<section  class='av_textblock_section av-52748u-bcba0acad090d26d0241d8e09a41a0a7 '   itemscope=\"itemscope\" itemtype=\"https:\/\/schema.org\/CreativeWork\" ><div class='avia_textblock'  itemprop=\"text\" ><p>Situado en el centro de la ciudad, a tan s\u00f3lo 300 metros de la Playa Torrecilla y a pocos minutos a pie del Balc\u00f3n de Europa, coraz\u00f3n del Casco Hist\u00f3rico. Tambi\u00e9n podr\u00e1 visitar el famoso \u201cBarco del Chanquete\u201d, ubicado en el parque Verano Azul, a pocos pasos del nuestro alojamiento.<\/p>\n<p>Ubicaci\u00f3n ideal en una zona privilegiada. Rodeado de las principales tiendas, restaurantes, cafeter\u00edas y bares de tapas as\u00ed como su proximidad a paradas de taxis y buses, y la comodidad de contar con parkings p\u00fablicos gratuitos a su alrededor, hacen de Hostal Alhambra un grato placer para nuestros clientes.<\/p>\n<\/div><\/section><\/p><\/div><\/div><\/div><\/div><!-- close content main div --><\/div><div class='av-extra-border-element border-extra-arrow-down'><div class='av-extra-border-outer'><div class='av-extra-border-inner'><\/div><\/div><\/div><\/div><div id='after_section_1'  class='main_color av_default_container_wrap container_wrap sidebar_right'  ><div class='container av-section-cont-open' ><div class='template-page content  av-content-small alpha units'><div class='post-entry post-entry-type-page post-entry-2030'><div class='entry-content-wrapper clearfix'>\n<style type=\"text\/css\" data-created_by=\"avia_inline_auto\" id=\"style-css-av-5hdvr2-23040271c2304c087ca120775034079e\">\n.flex_column.av-5hdvr2-23040271c2304c087ca120775034079e{\nborder-radius:0px 0px 0px 0px;\npadding:0px 0px 0px 0px;\n}\n<\/style>\n<div  class='flex_column av-5hdvr2-23040271c2304c087ca120775034079e av_one_full  avia-builder-el-13  el_after_av_section  el_before_av_section  avia-builder-el-no-sibling  first flex_column_div av-zero-column-padding  '     ><p>\n<style type=\"text\/css\" data-created_by=\"avia_inline_auto\" id=\"style-css-av-45umta-c9304b2bfd54eb851900f597a5193315\">\n#top .av-special-heading.av-45umta-c9304b2bfd54eb851900f597a5193315{\npadding-bottom:20px;\ncolor:#ffffff;\n}\nbody .av-special-heading.av-45umta-c9304b2bfd54eb851900f597a5193315 .av-special-heading-tag .heading-char{\nfont-size:25px;\n}\n.av-special-heading.av-45umta-c9304b2bfd54eb851900f597a5193315 .special-heading-inner-border{\nborder-color:#ffffff;\n}\n.av-special-heading.av-45umta-c9304b2bfd54eb851900f597a5193315 .av-subheading{\nfont-size:15px;\n}\n<\/style>\n<div  class='av-special-heading av-45umta-c9304b2bfd54eb851900f597a5193315 av-special-heading-h2 custom-color-heading  avia-builder-el-14  el_before_av_gallery  avia-builder-el-first '><h2 class='av-special-heading-tag '  itemprop=\"headline\"  >HABITACIONES &#8211; HOSTAL ALHAMBRA<\/h2><div class=\"special-heading-border\"><div class=\"special-heading-inner-border\"><\/div><\/div><\/div><br \/>\n\n<style type=\"text\/css\" data-created_by=\"avia_inline_auto\" id=\"style-css-av-2n2bq6-0e71af3eb0b9d6cfa5fb62e1d8ca9f4a\">\n#top .avia-gallery.av-2n2bq6-0e71af3eb0b9d6cfa5fb62e1d8ca9f4a .avia-gallery-thumb a{\nwidth:33.3333%;\n}\n<\/style>\n<div  class='avia-gallery av-2n2bq6-0e71af3eb0b9d6cfa5fb62e1d8ca9f4a avia_animate_when_visible  avia-builder-el-15  el_after_av_heading  avia-builder-el-last  ha-custom-gallery animations_off avia-gallery-1'  itemprop=\"image\" itemscope=\"itemscope\" itemtype=\"https:\/\/schema.org\/ImageObject\" ><meta itemprop=\"contentURL\" content=\"https:\/\/www.hostalalhambra.es\/es\/\"><div class='avia-gallery-thumb'><a href=\"https:\/\/www.hostalalhambra.es\/wp-content\/uploads\/2020\/08\/hostal-alhambra-habitacion-doble-superior-terraza-26.jpg\" data-srcset=\"https:\/\/www.hostalalhambra.es\/wp-content\/uploads\/2020\/08\/hostal-alhambra-habitacion-doble-superior-terraza-26.jpg 1024w, https:\/\/www.hostalalhambra.es\/wp-content\/uploads\/2020\/08\/hostal-alhambra-habitacion-doble-superior-terraza-26-300x200.jpg 300w, https:\/\/www.hostalalhambra.es\/wp-content\/uploads\/2020\/08\/hostal-alhambra-habitacion-doble-superior-terraza-26-768x512.jpg 768w, https:\/\/www.hostalalhambra.es\/wp-content\/uploads\/2020\/08\/hostal-alhambra-habitacion-doble-superior-terraza-26-705x470.jpg 705w\" data-sizes=\"(max-width: 1024px) 100vw, 1024px\" data-rel='gallery-1' data-prev-img='https:\/\/www.hostalalhambra.es\/wp-content\/uploads\/2020\/08\/hostal-alhambra-habitacion-doble-superior-terraza-26-495x400.jpg' class='first_thumb lightbox ' data-onclick='1' title='Habitaci\u00f3n Doble Superior con terraza'  itemprop=\"thumbnailUrl\"  ><img decoding=\"async\" fetchpriority=\"high\" class=\"wp-image-1325 avia-img-lazy-loading-not-1325\"  data-avia-tooltip='Habitaci\u00f3n Doble Superior con terraza' src=\"https:\/\/www.hostalalhambra.es\/wp-content\/uploads\/2020\/08\/hostal-alhambra-habitacion-doble-superior-terraza-26-845x683.jpg\" width=\"845\" height=\"683\"  title='Habitaci\u00f3n Doble Superior con terraza - Hostal Alhambra' alt='Habitaci\u00f3n Doble Superior con terraza - Hostal Alhambra' srcset=\"https:\/\/www.hostalalhambra.es\/wp-content\/uploads\/2020\/08\/hostal-alhambra-habitacion-doble-superior-terraza-26-845x683.jpg 845w, https:\/\/www.hostalalhambra.es\/wp-content\/uploads\/2020\/08\/hostal-alhambra-habitacion-doble-superior-terraza-26-495x400.jpg 495w\" sizes=\"(max-width: 845px) 100vw, 845px\" \/><div class='big-prev-fake'><img decoding=\"async\" loading=\"lazy\" class=\"wp-image-1325 avia-img-lazy-loading-1325\"  width=\"495\" height=\"400\" src=\"https:\/\/www.hostalalhambra.es\/wp-content\/uploads\/2020\/08\/hostal-alhambra-habitacion-doble-superior-terraza-26-495x400.jpg\" title='Habitaci\u00f3n Doble Superior con terraza - Hostal Alhambra' alt='Habitaci\u00f3n Doble Superior con terraza - Hostal Alhambra' srcset=\"https:\/\/www.hostalalhambra.es\/wp-content\/uploads\/2020\/08\/hostal-alhambra-habitacion-doble-superior-terraza-26-495x400.jpg 495w, https:\/\/www.hostalalhambra.es\/wp-content\/uploads\/2020\/08\/hostal-alhambra-habitacion-doble-superior-terraza-26-845x683.jpg 845w\" sizes=\"auto, (max-width: 495px) 100vw, 495px\" \/><\/div><\/a><a href=\"https:\/\/www.hostalalhambra.es\/wp-content\/uploads\/2020\/09\/hostal-alhambra-deluxe-confort-double-room-5.jpg\" data-srcset=\"https:\/\/www.hostalalhambra.es\/wp-content\/uploads\/2020\/09\/hostal-alhambra-deluxe-confort-double-room-5.jpg 1024w, https:\/\/www.hostalalhambra.es\/wp-content\/uploads\/2020\/09\/hostal-alhambra-deluxe-confort-double-room-5-300x225.jpg 300w, https:\/\/www.hostalalhambra.es\/wp-content\/uploads\/2020\/09\/hostal-alhambra-deluxe-confort-double-room-5-768x576.jpg 768w, https:\/\/www.hostalalhambra.es\/wp-content\/uploads\/2020\/09\/hostal-alhambra-deluxe-confort-double-room-5-705x529.jpg 705w\" data-sizes=\"(max-width: 1024px) 100vw, 1024px\" data-rel='gallery-1' data-prev-img='https:\/\/www.hostalalhambra.es\/wp-content\/uploads\/2020\/09\/hostal-alhambra-deluxe-confort-double-room-5-495x400.jpg' class='lightbox ' data-onclick='2' title='Habitaci\u00f3n Doble Deluxe Confort'  itemprop=\"thumbnailUrl\"  ><img decoding=\"async\" fetchpriority=\"high\" class=\"wp-image-1595 avia-img-lazy-loading-not-1595\"  data-avia-tooltip='Habitaci\u00f3n Doble Deluxe Confort' src=\"https:\/\/www.hostalalhambra.es\/wp-content\/uploads\/2020\/09\/hostal-alhambra-deluxe-confort-double-room-5-845x684.jpg\" width=\"845\" height=\"684\"  title='Deluxe Confort Double Room - Hostal Alhambra' alt='Deluxe Confort Double Room - Hostal Alhambra' srcset=\"https:\/\/www.hostalalhambra.es\/wp-content\/uploads\/2020\/09\/hostal-alhambra-deluxe-confort-double-room-5-845x684.jpg 845w, https:\/\/www.hostalalhambra.es\/wp-content\/uploads\/2020\/09\/hostal-alhambra-deluxe-confort-double-room-5-495x400.jpg 495w\" sizes=\"(max-width: 845px) 100vw, 845px\" \/><div class='big-prev-fake'><img decoding=\"async\" loading=\"lazy\" class=\"wp-image-1595 avia-img-lazy-loading-1595\"  width=\"495\" height=\"400\" src=\"https:\/\/www.hostalalhambra.es\/wp-content\/uploads\/2020\/09\/hostal-alhambra-deluxe-confort-double-room-5-495x400.jpg\" title='Deluxe Confort Double Room - Hostal Alhambra' alt='Deluxe Confort Double Room - Hostal Alhambra' srcset=\"https:\/\/www.hostalalhambra.es\/wp-content\/uploads\/2020\/09\/hostal-alhambra-deluxe-confort-double-room-5-495x400.jpg 495w, https:\/\/www.hostalalhambra.es\/wp-content\/uploads\/2020\/09\/hostal-alhambra-deluxe-confort-double-room-5-845x684.jpg 845w\" sizes=\"auto, (max-width: 495px) 100vw, 495px\" \/><\/div><\/a><a href=\"https:\/\/www.hostalalhambra.es\/wp-content\/uploads\/2020\/09\/hostal-alhambra-superior-double-room-balcony-3.jpg\" data-srcset=\"https:\/\/www.hostalalhambra.es\/wp-content\/uploads\/2020\/09\/hostal-alhambra-superior-double-room-balcony-3.jpg 1024w, https:\/\/www.hostalalhambra.es\/wp-content\/uploads\/2020\/09\/hostal-alhambra-superior-double-room-balcony-3-300x200.jpg 300w, https:\/\/www.hostalalhambra.es\/wp-content\/uploads\/2020\/09\/hostal-alhambra-superior-double-room-balcony-3-768x512.jpg 768w, https:\/\/www.hostalalhambra.es\/wp-content\/uploads\/2020\/09\/hostal-alhambra-superior-double-room-balcony-3-705x470.jpg 705w\" data-sizes=\"(max-width: 1024px) 100vw, 1024px\" data-rel='gallery-1' data-prev-img='https:\/\/www.hostalalhambra.es\/wp-content\/uploads\/2020\/09\/hostal-alhambra-superior-double-room-balcony-3-495x400.jpg' class='lightbox ' data-onclick='3' title='Habitaci\u00f3n Doble Superior con Balc\u00f3n'  itemprop=\"thumbnailUrl\"  ><img decoding=\"async\" fetchpriority=\"high\" class=\"wp-image-1615 avia-img-lazy-loading-not-1615\"  data-avia-tooltip='Habitaci\u00f3n Doble Superior con Balc\u00f3n' src=\"https:\/\/www.hostalalhambra.es\/wp-content\/uploads\/2020\/09\/hostal-alhambra-superior-double-room-balcony-3-845x683.jpg\" width=\"845\" height=\"683\"  title='Superior Double Room with balcony - Hostal Alhambra' alt='Superior Double Room with balcony - Hostal Alhambra' srcset=\"https:\/\/www.hostalalhambra.es\/wp-content\/uploads\/2020\/09\/hostal-alhambra-superior-double-room-balcony-3-845x683.jpg 845w, https:\/\/www.hostalalhambra.es\/wp-content\/uploads\/2020\/09\/hostal-alhambra-superior-double-room-balcony-3-495x400.jpg 495w\" sizes=\"(max-width: 845px) 100vw, 845px\" \/><div class='big-prev-fake'><img decoding=\"async\" loading=\"lazy\" class=\"wp-image-1615 avia-img-lazy-loading-1615\"  width=\"495\" height=\"400\" src=\"https:\/\/www.hostalalhambra.es\/wp-content\/uploads\/2020\/09\/hostal-alhambra-superior-double-room-balcony-3-495x400.jpg\" title='Superior Double Room with balcony - Hostal Alhambra' alt='Superior Double Room with balcony - Hostal Alhambra' srcset=\"https:\/\/www.hostalalhambra.es\/wp-content\/uploads\/2020\/09\/hostal-alhambra-superior-double-room-balcony-3-495x400.jpg 495w, https:\/\/www.hostalalhambra.es\/wp-content\/uploads\/2020\/09\/hostal-alhambra-superior-double-room-balcony-3-845x683.jpg 845w\" sizes=\"auto, (max-width: 495px) 100vw, 495px\" \/><\/div><\/a><a href=\"https:\/\/www.hostalalhambra.es\/wp-content\/uploads\/2020\/09\/hostal-alhambra-habitacion-doble-vistas-calle-1.jpg\" data-srcset=\"https:\/\/www.hostalalhambra.es\/wp-content\/uploads\/2020\/09\/hostal-alhambra-habitacion-doble-vistas-calle-1.jpg 1024w, https:\/\/www.hostalalhambra.es\/wp-content\/uploads\/2020\/09\/hostal-alhambra-habitacion-doble-vistas-calle-1-300x200.jpg 300w, https:\/\/www.hostalalhambra.es\/wp-content\/uploads\/2020\/09\/hostal-alhambra-habitacion-doble-vistas-calle-1-768x512.jpg 768w, https:\/\/www.hostalalhambra.es\/wp-content\/uploads\/2020\/09\/hostal-alhambra-habitacion-doble-vistas-calle-1-705x470.jpg 705w\" data-sizes=\"(max-width: 1024px) 100vw, 1024px\" data-rel='gallery-1' data-prev-img='https:\/\/www.hostalalhambra.es\/wp-content\/uploads\/2020\/09\/hostal-alhambra-habitacion-doble-vistas-calle-1-495x400.jpg' class='first_thumb lightbox ' data-onclick='4' title='Habitaci\u00f3n Doble con vistas a la calle'  itemprop=\"thumbnailUrl\"  ><img decoding=\"async\" fetchpriority=\"high\" class=\"wp-image-1451 avia-img-lazy-loading-not-1451\"  data-avia-tooltip='Habitaci\u00f3n Doble con vistas a la calle' src=\"https:\/\/www.hostalalhambra.es\/wp-content\/uploads\/2020\/09\/hostal-alhambra-habitacion-doble-vistas-calle-1-845x683.jpg\" width=\"845\" height=\"683\"  title='Habitaci\u00f3n doble con vistas a la calle - Hostal Alhambra' alt='Habitaci\u00f3n doble con vistas a la calle - Hostal Alhambra' srcset=\"https:\/\/www.hostalalhambra.es\/wp-content\/uploads\/2020\/09\/hostal-alhambra-habitacion-doble-vistas-calle-1-845x683.jpg 845w, https:\/\/www.hostalalhambra.es\/wp-content\/uploads\/2020\/09\/hostal-alhambra-habitacion-doble-vistas-calle-1-495x400.jpg 495w\" sizes=\"(max-width: 845px) 100vw, 845px\" \/><div class='big-prev-fake'><img decoding=\"async\" loading=\"lazy\" class=\"wp-image-1451 avia-img-lazy-loading-1451\"  width=\"495\" height=\"400\" src=\"https:\/\/www.hostalalhambra.es\/wp-content\/uploads\/2020\/09\/hostal-alhambra-habitacion-doble-vistas-calle-1-495x400.jpg\" title='Habitaci\u00f3n doble con vistas a la calle - Hostal Alhambra' alt='Habitaci\u00f3n doble con vistas a la calle - Hostal Alhambra' srcset=\"https:\/\/www.hostalalhambra.es\/wp-content\/uploads\/2020\/09\/hostal-alhambra-habitacion-doble-vistas-calle-1-495x400.jpg 495w, https:\/\/www.hostalalhambra.es\/wp-content\/uploads\/2020\/09\/hostal-alhambra-habitacion-doble-vistas-calle-1-845x683.jpg 845w\" sizes=\"auto, (max-width: 495px) 100vw, 495px\" \/><\/div><\/a><a href=\"https:\/\/www.hostalalhambra.es\/wp-content\/uploads\/2020\/09\/hostal-alhambra-habitacion-doble-vistas-patio-6.jpg\" data-srcset=\"https:\/\/www.hostalalhambra.es\/wp-content\/uploads\/2020\/09\/hostal-alhambra-habitacion-doble-vistas-patio-6.jpg 1024w, https:\/\/www.hostalalhambra.es\/wp-content\/uploads\/2020\/09\/hostal-alhambra-habitacion-doble-vistas-patio-6-300x200.jpg 300w, https:\/\/www.hostalalhambra.es\/wp-content\/uploads\/2020\/09\/hostal-alhambra-habitacion-doble-vistas-patio-6-768x512.jpg 768w, https:\/\/www.hostalalhambra.es\/wp-content\/uploads\/2020\/09\/hostal-alhambra-habitacion-doble-vistas-patio-6-705x470.jpg 705w\" data-sizes=\"(max-width: 1024px) 100vw, 1024px\" data-rel='gallery-1' data-prev-img='https:\/\/www.hostalalhambra.es\/wp-content\/uploads\/2020\/09\/hostal-alhambra-habitacion-doble-vistas-patio-6-495x400.jpg' class='lightbox ' data-onclick='5' title='Habitaci\u00f3n Doble con vistas al patio'  itemprop=\"thumbnailUrl\"  ><img decoding=\"async\" fetchpriority=\"high\" class=\"wp-image-1475 avia-img-lazy-loading-not-1475\"  data-avia-tooltip='Habitaci\u00f3n Doble con vistas al patio' src=\"https:\/\/www.hostalalhambra.es\/wp-content\/uploads\/2020\/09\/hostal-alhambra-habitacion-doble-vistas-patio-6-845x683.jpg\" width=\"845\" height=\"683\"  title='Habitaci\u00f3n Doble con vistas al patio - Hostal Alhambra' alt='Habitaci\u00f3n Doble con vistas al patio - Hostal Alhambra' srcset=\"https:\/\/www.hostalalhambra.es\/wp-content\/uploads\/2020\/09\/hostal-alhambra-habitacion-doble-vistas-patio-6-845x683.jpg 845w, https:\/\/www.hostalalhambra.es\/wp-content\/uploads\/2020\/09\/hostal-alhambra-habitacion-doble-vistas-patio-6-495x400.jpg 495w\" sizes=\"(max-width: 845px) 100vw, 845px\" \/><div class='big-prev-fake'><img decoding=\"async\" loading=\"lazy\" class=\"wp-image-1475 avia-img-lazy-loading-1475\"  width=\"495\" height=\"400\" src=\"https:\/\/www.hostalalhambra.es\/wp-content\/uploads\/2020\/09\/hostal-alhambra-habitacion-doble-vistas-patio-6-495x400.jpg\" title='Habitaci\u00f3n Doble con vistas al patio - Hostal Alhambra' alt='Habitaci\u00f3n Doble con vistas al patio - Hostal Alhambra' srcset=\"https:\/\/www.hostalalhambra.es\/wp-content\/uploads\/2020\/09\/hostal-alhambra-habitacion-doble-vistas-patio-6-495x400.jpg 495w, https:\/\/www.hostalalhambra.es\/wp-content\/uploads\/2020\/09\/hostal-alhambra-habitacion-doble-vistas-patio-6-845x683.jpg 845w\" sizes=\"auto, (max-width: 495px) 100vw, 495px\" \/><\/div><\/a><a href=\"https:\/\/www.hostalalhambra.es\/wp-content\/uploads\/2020\/09\/hostal-alhambra-habitacion-individual-5.jpg\" data-srcset=\"https:\/\/www.hostalalhambra.es\/wp-content\/uploads\/2020\/09\/hostal-alhambra-habitacion-individual-5.jpg 1024w, https:\/\/www.hostalalhambra.es\/wp-content\/uploads\/2020\/09\/hostal-alhambra-habitacion-individual-5-300x200.jpg 300w, https:\/\/www.hostalalhambra.es\/wp-content\/uploads\/2020\/09\/hostal-alhambra-habitacion-individual-5-768x512.jpg 768w, https:\/\/www.hostalalhambra.es\/wp-content\/uploads\/2020\/09\/hostal-alhambra-habitacion-individual-5-705x470.jpg 705w\" data-sizes=\"(max-width: 1024px) 100vw, 1024px\" data-rel='gallery-1' data-prev-img='https:\/\/www.hostalalhambra.es\/wp-content\/uploads\/2020\/09\/hostal-alhambra-habitacion-individual-5-495x400.jpg' class='lightbox ' data-onclick='6' title='Habitaci\u00f3n Individual'  itemprop=\"thumbnailUrl\"  ><img decoding=\"async\" fetchpriority=\"high\" class=\"wp-image-1493 avia-img-lazy-loading-not-1493\"  data-avia-tooltip='Habitaci\u00f3n Individual' src=\"https:\/\/www.hostalalhambra.es\/wp-content\/uploads\/2020\/09\/hostal-alhambra-habitacion-individual-5-845x683.jpg\" width=\"845\" height=\"683\"  title='Habitaci\u00f3n Individual - Hostal Alhambra' alt='Habitaci\u00f3n Individual - Hostal Alhambra' srcset=\"https:\/\/www.hostalalhambra.es\/wp-content\/uploads\/2020\/09\/hostal-alhambra-habitacion-individual-5-845x683.jpg 845w, https:\/\/www.hostalalhambra.es\/wp-content\/uploads\/2020\/09\/hostal-alhambra-habitacion-individual-5-495x400.jpg 495w\" sizes=\"(max-width: 845px) 100vw, 845px\" \/><div class='big-prev-fake'><img decoding=\"async\" loading=\"lazy\" class=\"wp-image-1493 avia-img-lazy-loading-1493\"  width=\"495\" height=\"400\" src=\"https:\/\/www.hostalalhambra.es\/wp-content\/uploads\/2020\/09\/hostal-alhambra-habitacion-individual-5-495x400.jpg\" title='Habitaci\u00f3n Individual - Hostal Alhambra' alt='Habitaci\u00f3n Individual - Hostal Alhambra' srcset=\"https:\/\/www.hostalalhambra.es\/wp-content\/uploads\/2020\/09\/hostal-alhambra-habitacion-individual-5-495x400.jpg 495w, https:\/\/www.hostalalhambra.es\/wp-content\/uploads\/2020\/09\/hostal-alhambra-habitacion-individual-5-845x683.jpg 845w\" sizes=\"auto, (max-width: 495px) 100vw, 495px\" \/><\/div><\/a><\/div><\/div><\/p><\/div><\/p>\n<\/div><\/div><\/div><!-- close content main div --><\/div><\/div>\n<style type=\"text\/css\" data-created_by=\"avia_inline_auto\" id=\"style-css-av-4m0gxq-3-eccd998e9b85de129bcca6b219acb62c\">\n.avia-section.av-4m0gxq-3-eccd998e9b85de129bcca6b219acb62c{\nbackground-repeat:no-repeat;\nbackground-image:url(https:\/\/www.hostalalhambra.es\/wp-content\/uploads\/2020\/09\/ornament-bg-top-small-1.png);\nbackground-position:50% 0%;\nbackground-attachment:scroll;\n}\n<\/style>\n<div id='av_section_2'  class='avia-section av-4m0gxq-3-eccd998e9b85de129bcca6b219acb62c main_color avia-section-huge avia-no-border-styling  avia-builder-el-16  el_after_av_one_full  el_before_av_layout_row  avia-full-contain avia-bg-style-scroll container_wrap sidebar_right'  data-section-bg-repeat='contain'><div class='container av-section-cont-open' ><div class='template-page content  av-content-small alpha units'><div class='post-entry post-entry-type-page post-entry-2030'><div class='entry-content-wrapper clearfix'>\n\n<style type=\"text\/css\" data-created_by=\"avia_inline_auto\" id=\"style-css-av-2wndxi-0bb753b5834c36cae331667aeb6eedb3\">\n#top .flex_column.av-2wndxi-0bb753b5834c36cae331667aeb6eedb3{\nmargin-top:0px;\nmargin-bottom:0px;\n}\n.flex_column.av-2wndxi-0bb753b5834c36cae331667aeb6eedb3{\nborder-radius:0px 0px 0px 0px;\npadding:0px 0px 0px 0px;\nbackground-color:#ffffff;\n}\n.responsive #top #wrap_all .flex_column.av-2wndxi-0bb753b5834c36cae331667aeb6eedb3{\nmargin-top:0px;\nmargin-bottom:0px;\n}\n<\/style>\n<div  class='flex_column av-2wndxi-0bb753b5834c36cae331667aeb6eedb3 av_one_full  avia-builder-el-17  avia-builder-el-no-sibling  first flex_column_div av-zero-column-padding  '     ><style type=\"text\/css\" data-created_by=\"avia_inline_auto\" id=\"style-css-av-kf3yo33m-2ea0a00f78442eed5f16e74486f8940e\">\n#top .av-special-heading.av-kf3yo33m-2ea0a00f78442eed5f16e74486f8940e{\nmargin:0 0 0 0;\npadding-bottom:0;\n}\nbody .av-special-heading.av-kf3yo33m-2ea0a00f78442eed5f16e74486f8940e .av-special-heading-tag .heading-char{\nfont-size:25px;\n}\n.av-special-heading.av-kf3yo33m-2ea0a00f78442eed5f16e74486f8940e .av-subheading{\nfont-size:15px;\n}\n<\/style>\n<div  class='av-special-heading av-kf3yo33m-2ea0a00f78442eed5f16e74486f8940e av-special-heading-h2 blockquote modern-quote modern-centered  avia-builder-el-18  avia-builder-el-no-sibling '><h2 class='av-special-heading-tag '  itemprop=\"headline\"  >DESCUBRE NERJA<\/h2><div class='av-subheading av-subheading_below'><p>Nerja es una de las ciudades m\u00e1s destacadas de la Costa del Sol y uno de los destinos tur\u00edsticos por excelencia de Andaluc\u00eda.<\/p>\n<\/div><div class=\"special-heading-border\"><div class=\"special-heading-inner-border\"><\/div><\/div><\/div><\/div>\n\n<\/div><\/div><\/div><!-- close content main div --><\/div><\/div><div id='av-layout-grid-1'  class='av-layout-grid-container av-1pjpla-2903f5f75cf177bb65c555e1d80e3e37 entry-content-wrapper main_color av-flex-cells  avia-builder-el-19  el_after_av_section  el_before_av_layout_row  grid-row-not-first  container_wrap sidebar_right'  >\n\n<style type=\"text\/css\" data-created_by=\"avia_inline_auto\" id=\"style-css-av-1jsj9a-f7855b0efbdcd59e610db2d92f94a6f0\">\n.flex_cell.av-1jsj9a-f7855b0efbdcd59e610db2d92f94a6f0{\nvertical-align:top;\nheight:300px;\nmin-height:300px;\nbackground-color:#fcfcfc;\n}\n.responsive #top #wrap_all .flex_cell.av-1jsj9a-f7855b0efbdcd59e610db2d92f94a6f0{\npadding:90px 90px 90px 90px !important;\n}\n<\/style>\n<div class='flex_cell av-1jsj9a-f7855b0efbdcd59e610db2d92f94a6f0 av-gridrow-cell av_one_half no_margin  avia-builder-el-20  el_before_av_cell_one_half  avia-builder-el-first  content-align-top'  ><div class='flex_cell_inner'><p>\n<style type=\"text\/css\" data-created_by=\"avia_inline_auto\" id=\"style-css-av-5yq0vy-26e1a4417b43aeaaebd5f69b4a499f2e\">\n#top .av-special-heading.av-5yq0vy-26e1a4417b43aeaaebd5f69b4a499f2e{\npadding-bottom:20px;\n}\nbody .av-special-heading.av-5yq0vy-26e1a4417b43aeaaebd5f69b4a499f2e .av-special-heading-tag .heading-char{\nfont-size:25px;\n}\n.av-special-heading.av-5yq0vy-26e1a4417b43aeaaebd5f69b4a499f2e .av-subheading{\nfont-size:15px;\n}\n<\/style>\n<div  class='av-special-heading av-5yq0vy-26e1a4417b43aeaaebd5f69b4a499f2e av-special-heading-h3  avia-builder-el-21  el_before_av_textblock  avia-builder-el-first '><h3 class='av-special-heading-tag '  itemprop=\"headline\"  >PLAYAS Y ACANTILADOS<\/h3><div class=\"special-heading-border\"><div class=\"special-heading-inner-border\"><\/div><\/div><\/div><br \/>\n<section  class='av_textblock_section av-18up0m-35ac32ab3d7eb2799c325166d8de7f33 '   itemscope=\"itemscope\" itemtype=\"https:\/\/schema.org\/CreativeWork\" ><div class='avia_textblock'  itemprop=\"text\" ><p>Pueden disfrutar de las incre\u00edbles calas y playas de Nerja dentro de un paisaje costero lleno de contrastes, con estampas tan bellas como el Playazo, con largas extensiones de playa en un paraje natural al pie de la desembocadura del Rio Chillar, famoso por sus excursiones y rutas de senderismo.<\/p>\n<p>Sus playas m\u00e1s c\u00e9ntricas como La Torrecilla o la vistosa Burriana, sin duda la playa m\u00e1s conocida y amada de Nerja. Un lugar popular desde que la serie de televisi\u00f3n &#8216;Verano Azul&#8217; la pusiera de moda en toda Espa\u00f1a.<\/p>\n<p>Justo despu\u00e9s de Maro podr\u00e1s encontrar la reserva natural de los Acantilados de Maro, una maravilla de la naturaleza del sur de Espa\u00f1a.<\/p>\n<\/div><\/section><\/p>\n<\/div><\/div>\n<style type=\"text\/css\" data-created_by=\"avia_inline_auto\" id=\"style-css-av-12cyny-d0087f0d6ba68161ce449e228a350d7b\">\n.flex_cell.av-12cyny-d0087f0d6ba68161ce449e228a350d7b{\nvertical-align:middle;\nheight:300px;\nmin-height:300px;\nbackground:url(https:\/\/www.hostalalhambra.es\/wp-content\/uploads\/2020\/09\/playa-nerja-hostal-alhambra.jpg) 50% 50% no-repeat scroll ;\n}\n.responsive #top #wrap_all .flex_cell.av-12cyny-d0087f0d6ba68161ce449e228a350d7b{\npadding:90px 90px 90px 90px !important;\n}\n<\/style>\n<div class='flex_cell av-12cyny-d0087f0d6ba68161ce449e228a350d7b av-gridrow-cell av_one_half no_margin  avia-builder-el-23  el_after_av_cell_one_half  avia-builder-el-last  content-align-middle avia-full-stretch'  ><div class='flex_cell_inner'><\/div><\/div>\n<\/div>\n<div id='av-layout-grid-2'  class='av-layout-grid-container av-voudi-9c5f3f4e3bac31e5dba696e9294521c6 entry-content-wrapper main_color av-flex-cells  avia-builder-el-24  el_after_av_layout_row  el_before_av_layout_row  grid-row-not-first  container_wrap sidebar_right'  >\n\n<style type=\"text\/css\" data-created_by=\"avia_inline_auto\" id=\"style-css-av-oxyjq-e7f133e24c85c6fa5429817723b81e7e\">\n.flex_cell.av-oxyjq-e7f133e24c85c6fa5429817723b81e7e{\nvertical-align:top;\nheight:300px;\nmin-height:300px;\n}\n.responsive #top #wrap_all .flex_cell.av-oxyjq-e7f133e24c85c6fa5429817723b81e7e{\npadding:90px 90px 90px 90px !important;\n}\n<\/style>\n<div class='flex_cell av-oxyjq-e7f133e24c85c6fa5429817723b81e7e av-gridrow-cell av_one_half no_margin  avia-builder-el-25  el_before_av_cell_one_half  avia-builder-el-first  content-align-top'  ><div class='flex_cell_inner'><p>\n<style type=\"text\/css\" data-created_by=\"avia_inline_auto\" id=\"style-css-av-4pzihq-80e3c77fad7e0df28668125f51b082a8\">\n#top .av-special-heading.av-4pzihq-80e3c77fad7e0df28668125f51b082a8{\npadding-bottom:20px;\n}\nbody .av-special-heading.av-4pzihq-80e3c77fad7e0df28668125f51b082a8 .av-special-heading-tag .heading-char{\nfont-size:25px;\n}\n.av-special-heading.av-4pzihq-80e3c77fad7e0df28668125f51b082a8 .av-subheading{\nfont-size:15px;\n}\n<\/style>\n<div  class='av-special-heading av-4pzihq-80e3c77fad7e0df28668125f51b082a8 av-special-heading-h3  avia-builder-el-26  el_before_av_textblock  avia-builder-el-first '><h3 class='av-special-heading-tag '  itemprop=\"headline\"  >BALC\u00d3N DE EUROPA<\/h3><div class=\"special-heading-border\"><div class=\"special-heading-inner-border\"><\/div><\/div><\/div><br \/>\n<section  class='av_textblock_section av-fi3za-8eaff707e155d0efdf20593965e1285c '   itemscope=\"itemscope\" itemtype=\"https:\/\/schema.org\/CreativeWork\" ><div class='avia_textblock'  itemprop=\"text\" ><p>El Balc\u00f3n de Europa es sin duda, el lugar m\u00e1s emblem\u00e1tico de Nerja. Un icono que nadie se quiere perder cuando visita esta bella localidad malague\u00f1a.<\/p>\n<p>Situado sobre el acantilado que separa las playas del Sal\u00f3n y Calahonda, posee las mejores vistas de toda la ciudad. Se ha convertido, sin ninguna duda, en el monumento m\u00e1s visitado y fotografiado del municipio. Podr\u00e1s llegar a \u00e9l en pocos minutos, desde nuestra calle peatonal Antonio Mill\u00f3n. All\u00ed podr\u00e1s visitar diversos lugares de inter\u00e9s como la Iglesia del Salvador, la Plaza de Espa\u00f1a y El Museo de Nerja, d\u00f3nde podr\u00e1s adquirir las entradas a las famosas Cuevas de Nerja.<\/p>\n<p>La Oficina Municipal de Turismo de Nerja est\u00e1 situada en la planta baja del Ayuntamiento junto al Paseo Balc\u00f3n de Europa, en ella se atiende al p\u00fablico en los idiomas espa\u00f1ol, ingl\u00e9s, franc\u00e9s y alem\u00e1n.<\/p>\n<\/div><\/section><\/p>\n<\/div><\/div>\n<style type=\"text\/css\" data-created_by=\"avia_inline_auto\" id=\"style-css-av-9ylvq-39d637ae6f0e73a853395e1a0b4b217e\">\n.flex_cell.av-9ylvq-39d637ae6f0e73a853395e1a0b4b217e{\nvertical-align:middle;\nheight:300px;\nmin-height:300px;\nbackground:url(https:\/\/www.hostalalhambra.es\/wp-content\/uploads\/2020\/08\/alojamiento-hostal-alhambra-3.jpeg) 50% 50% no-repeat scroll ;\n}\n.responsive #top #wrap_all .flex_cell.av-9ylvq-39d637ae6f0e73a853395e1a0b4b217e{\npadding:90px 90px 90px 90px !important;\n}\n<\/style>\n<div class='flex_cell av-9ylvq-39d637ae6f0e73a853395e1a0b4b217e av-gridrow-cell av_one_half no_margin  avia-builder-el-28  el_after_av_cell_one_half  avia-builder-el-last  content-align-middle avia-full-stretch'  ><div class='flex_cell_inner'><\/div><\/div>\n<\/div>\n<div id='av-layout-grid-3'  class='av-layout-grid-container av-2kpytq-4e8116272e38a2917d409f7387b76e93 entry-content-wrapper main_color av-flex-cells  avia-builder-el-29  el_after_av_layout_row  el_before_av_section  grid-row-not-first  container_wrap sidebar_right'  >\n\n<style type=\"text\/css\" data-created_by=\"avia_inline_auto\" id=\"style-css-av-2efzsm-43ce341f0d421f140cc1c818fbf8cfbf\">\n.flex_cell.av-2efzsm-43ce341f0d421f140cc1c818fbf8cfbf{\nvertical-align:top;\nheight:300px;\nmin-height:300px;\nbackground-color:#fcfcfc;\n}\n.responsive #top #wrap_all .flex_cell.av-2efzsm-43ce341f0d421f140cc1c818fbf8cfbf{\npadding:90px 90px 90px 90px !important;\n}\n<\/style>\n<div class='flex_cell av-2efzsm-43ce341f0d421f140cc1c818fbf8cfbf av-gridrow-cell av_one_half no_margin  avia-builder-el-30  el_before_av_cell_one_half  avia-builder-el-first  content-align-top'  ><div class='flex_cell_inner'><p>\n<style type=\"text\/css\" data-created_by=\"avia_inline_auto\" id=\"style-css-av-25i93i-9f36f5cd7356b20611840c9eae4eb984\">\n#top .av-special-heading.av-25i93i-9f36f5cd7356b20611840c9eae4eb984{\npadding-bottom:20px;\n}\nbody .av-special-heading.av-25i93i-9f36f5cd7356b20611840c9eae4eb984 .av-special-heading-tag .heading-char{\nfont-size:25px;\n}\n.av-special-heading.av-25i93i-9f36f5cd7356b20611840c9eae4eb984 .av-subheading{\nfont-size:15px;\n}\n<\/style>\n<div  class='av-special-heading av-25i93i-9f36f5cd7356b20611840c9eae4eb984 av-special-heading-h3  avia-builder-el-31  el_before_av_textblock  avia-builder-el-first '><h3 class='av-special-heading-tag '  itemprop=\"headline\"  >CUEVA DE NERJA<\/h3><div class=\"special-heading-border\"><div class=\"special-heading-inner-border\"><\/div><\/div><\/div><br \/>\n<section  class='av_textblock_section av-246wra-d5e22a971c7a3b1695d0c7c2cb1283ee '   itemscope=\"itemscope\" itemtype=\"https:\/\/schema.org\/CreativeWork\" ><div class='avia_textblock'  itemprop=\"text\" ><p>La Cueva de Nerja, llamada \u201cCatedral natural de la Costa del Sol\u201d, se encuentra en Maro, a 5 km desde nuestra ubicaci\u00f3n en direcci\u00f3n Almer\u00eda. Para llegar a ella tienes la posibilidad, de ir por la antigua nacional 340 o por la autov\u00eda A7. Tambi\u00e9n puedes optar por el autob\u00fas o por un divertido viaje ida y vuelta en el tren tur\u00edstico llamado \u00abCueva-Tren\u00bb.<\/p>\n<p>Lo m\u00e1s atrayente es la impresionante columna situada en la Sala del Cataclismo con una altura de 60 metros y un di\u00e1metro de 18 metros.<\/p>\n<p>La Cueva de Nerja no s\u00f3lo es famosa por sus yacimientos arqueol\u00f3gicos y su formaci\u00f3n p\u00e9trea, sino tambi\u00e9n por su Festival Internacional de M\u00fasica y Danza, que cada a\u00f1o se repite durante el mes de Julio.<\/p>\n<\/div><\/section><\/p>\n<\/div><\/div>\n<style type=\"text\/css\" data-created_by=\"avia_inline_auto\" id=\"style-css-av-1uez06-48d2d04d3085e95853aff4a0a78da09d\">\n.flex_cell.av-1uez06-48d2d04d3085e95853aff4a0a78da09d{\nvertical-align:middle;\nheight:300px;\nmin-height:300px;\nbackground:url(https:\/\/www.hostalalhambra.es\/wp-content\/uploads\/2020\/09\/cueva-nerja-hostal-alhambra-1.jpeg) 50% 50% no-repeat scroll ;\n}\n.responsive #top #wrap_all .flex_cell.av-1uez06-48d2d04d3085e95853aff4a0a78da09d{\npadding:90px 90px 90px 90px !important;\n}\n<\/style>\n<div class='flex_cell av-1uez06-48d2d04d3085e95853aff4a0a78da09d av-gridrow-cell av_one_half no_margin  avia-builder-el-33  el_after_av_cell_one_half  avia-builder-el-last  content-align-middle avia-full-stretch'  ><div class='flex_cell_inner'><\/div><\/div>\n<\/div>\n\n<style type=\"text\/css\" data-created_by=\"avia_inline_auto\" id=\"style-css-av-4m0gxq-2-56110e52181deb9158c3f1a96e3025a9\">\n.avia-section.av-4m0gxq-2-56110e52181deb9158c3f1a96e3025a9{\nbackground-repeat:no-repeat;\nbackground-image:url(https:\/\/www.hostalalhambra.es\/wp-content\/uploads\/2020\/09\/ornament-bg-top-small-1.png);\nbackground-position:50% 0%;\nbackground-attachment:scroll;\n}\n<\/style>\n<div id='av_section_3'  class='avia-section av-4m0gxq-2-56110e52181deb9158c3f1a96e3025a9 main_color avia-section-huge avia-no-border-styling  avia-builder-el-34  el_after_av_layout_row  avia-builder-el-last  avia-full-contain avia-bg-style-scroll container_wrap sidebar_right'  data-section-bg-repeat='contain'><div class='container av-section-cont-open' ><div class='template-page content  av-content-small alpha units'><div class='post-entry post-entry-type-page post-entry-2030'><div class='entry-content-wrapper clearfix'>\n\n<style type=\"text\/css\" data-created_by=\"avia_inline_auto\" id=\"style-css-av-2wndxi-1-0a02655b9c84fb292f3bbabf2851d72c\">\n#top .flex_column.av-2wndxi-1-0a02655b9c84fb292f3bbabf2851d72c{\nmargin-top:0px;\nmargin-bottom:0px;\n}\n.flex_column.av-2wndxi-1-0a02655b9c84fb292f3bbabf2851d72c{\nborder-radius:0px 0px 0px 0px;\npadding:0px 0px 0px 0px;\nbackground-color:#ffffff;\n}\n.responsive #top #wrap_all .flex_column.av-2wndxi-1-0a02655b9c84fb292f3bbabf2851d72c{\nmargin-top:0px;\nmargin-bottom:0px;\n}\n<\/style>\n<div  class='flex_column av-2wndxi-1-0a02655b9c84fb292f3bbabf2851d72c av_one_full  avia-builder-el-35  avia-builder-el-no-sibling  first flex_column_div av-zero-column-padding  '     ><p>\n<style type=\"text\/css\" data-created_by=\"avia_inline_auto\" id=\"style-css-av-2dcyke-306340b08473d957df8227cca752a0c2\">\n#top .av-special-heading.av-2dcyke-306340b08473d957df8227cca752a0c2{\npadding-bottom:20px;\n}\nbody .av-special-heading.av-2dcyke-306340b08473d957df8227cca752a0c2 .av-special-heading-tag .heading-char{\nfont-size:25px;\n}\n.av-special-heading.av-2dcyke-306340b08473d957df8227cca752a0c2 .av-subheading{\nfont-size:15px;\n}\n<\/style>\n<div  class='av-special-heading av-2dcyke-306340b08473d957df8227cca752a0c2 av-special-heading-h3  avia-builder-el-36  el_before_av_codeblock  avia-builder-el-first '><h3 class='av-special-heading-tag '  itemprop=\"headline\"  >BOOKING COMENTARIOS<\/h3><div class=\"special-heading-border\"><div class=\"special-heading-inner-border\"><\/div><\/div><\/div><br \/>\n<\/p><\/div>\n<\/div><\/div><\/div><!-- close content main div --><\/div><\/div><div id='after_section_3'  class='main_color av_default_container_wrap container_wrap sidebar_right'  ><div class='container av-section-cont-open' ><div class='template-page content  av-content-small alpha units'><div class='post-entry post-entry-type-page post-entry-2030'><div class='entry-content-wrapper clearfix'>\n","protected":false},"excerpt":{"rendered":"","protected":false},"author":1,"featured_media":2545,"parent":0,"menu_order":0,"comment_status":"closed","ping_status":"closed","template":"","meta":{"_joinchat":[],"footnotes":""},"class_list":["post-2030","page","type-page","status-publish","has-post-thumbnail","hentry"],"aioseo_notices":[],"_links":{"self":[{"href":"https:\/\/www.hostalalhambra.es\/es\/wp-json\/wp\/v2\/pages\/2030","targetHints":{"allow":["GET"]}}],"collection":[{"href":"https:\/\/www.hostalalhambra.es\/es\/wp-json\/wp\/v2\/pages"}],"about":[{"href":"https:\/\/www.hostalalhambra.es\/es\/wp-json\/wp\/v2\/types\/page"}],"author":[{"embeddable":true,"href":"https:\/\/www.hostalalhambra.es\/es\/wp-json\/wp\/v2\/users\/1"}],"replies":[{"embeddable":true,"href":"https:\/\/www.hostalalhambra.es\/es\/wp-json\/wp\/v2\/comments?post=2030"}],"version-history":[{"count":21,"href":"https:\/\/www.hostalalhambra.es\/es\/wp-json\/wp\/v2\/pages\/2030\/revisions"}],"predecessor-version":[{"id":2982,"href":"https:\/\/www.hostalalhambra.es\/es\/wp-json\/wp\/v2\/pages\/2030\/revisions\/2982"}],"wp:featuredmedia":[{"embeddable":true,"href":"https:\/\/www.hostalalhambra.es\/es\/wp-json\/wp\/v2\/media\/2545"}],"wp:attachment":[{"href":"https:\/\/www.hostalalhambra.es\/es\/wp-json\/wp\/v2\/media?parent=2030"}],"curies":[{"name":"wp","href":"https:\/\/api.w.org\/{rel}","templated":true}]}}